{"id":157,"date":"2018-07-25T12:25:39","date_gmt":"2018-07-25T10:25:39","guid":{"rendered":"https:\/\/jocoenfer.coecadiz.com\/?page_id=157"},"modified":"2025-06-17T08:11:54","modified_gmt":"2025-06-17T06:11:54","slug":"bienvenida","status":"publish","type":"page","link":"https:\/\/jocoenfer.coecadiz.com\/?page_id=157","title":{"rendered":"Bienvenida"},"content":{"rendered":"<p><img loading=\"lazy\" class=\"size-medium wp-image-648 alignleft\" src=\"https:\/\/jocoenfer.coecadiz.com\/wp-content\/uploads\/2025\/06\/Foto-carta-bienvenida-238x300.jpg\" alt=\"\" width=\"238\" height=\"300\" srcset=\"https:\/\/jocoenfer.coecadiz.com\/wp-content\/uploads\/2025\/06\/Foto-carta-bienvenida-238x300.jpg 238w, https:\/\/jocoenfer.coecadiz.com\/wp-content\/uploads\/2025\/06\/Foto-carta-bienvenida.jpg 249w\" sizes=\"(max-width: 238px) 100vw, 238px\" \/><\/p>\n<p data-start=\"248\" data-end=\"275\">Estimadas\/os compa\u00f1eras\/os:<\/p>\n<p data-start=\"277\" data-end=\"723\">Como presidente del Comit\u00e9 Organizador y Cient\u00edfico, es para m\u00ed un honor y un verdadero placer daros la bienvenida a las VII Jornadas sobre Conocimiento Enfermero, que celebraremos los d\u00edas 16 y 17 de octubre en la Facultad de Filosof\u00eda y Letras de C\u00e1diz, bajo nuestro lema ya consolidado \u201cCompartir para avanzar\u201d, al que este a\u00f1o sumamos con orgullo una idea que resume la esencia de nuestra profesi\u00f3n: \u201cavanzar para cuidar\u201d.<\/p>\n<p data-start=\"725\" data-end=\"1214\">Estas Jornadas nacen del compromiso del Colegio con la promoci\u00f3n de la investigaci\u00f3n enfermera. Desde hace m\u00e1s de una d\u00e9cada, nuestra Unidad de Promoci\u00f3n y Apoyo a la Investigaci\u00f3n Enfermera ha trabajado con firmeza para crear espacios donde compartir conocimientos, experiencias y resultados. As\u00ed, nuestras Jornadas se han consolidado como una Semana del Conocimiento, un punto de encuentro anual para profesionales implicados en el desarrollo y la aplicaci\u00f3n del saber enfermero.<\/p>\n<p data-start=\"1216\" data-end=\"1610\">Este a\u00f1o comenzaremos el martes 14 de octubre por la tarde, en el Aulario La Bomba, con una jornada centrada en la investigaci\u00f3n enfermera al servicio de las personas con problemas cr\u00f3nicos de salud. Un encuentro especialmente dirigido a la ciudadan\u00eda y a los medios de comunicaci\u00f3n, con el objetivo de acercar los resultados de nuestras investigaciones a quienes m\u00e1s los necesitan.<\/p>\n<p data-start=\"1612\" data-end=\"2041\">Continuaremos el mi\u00e9rcoles 15 por la tarde, en el sal\u00f3n de actos del Colegio, con un taller sobre \u00e9tica en la investigaci\u00f3n enfermera y los pasos clave para la aprobaci\u00f3n en Comit\u00e9s de \u00c9tica. Y el jueves 16 por la ma\u00f1ana, contaremos con un taller innovador sobre el uso de la inteligencia artificial en la escritura cient\u00edfica, una herramienta cada vez m\u00e1s presente en nuestro trabajo acad\u00e9mico y profesional.<\/p>\n<p data-start=\"2043\" data-end=\"2428\">La experiencia nos confirma que existe un profundo inter\u00e9s entre las\/os profesionales de enfermer\u00eda por la investigaci\u00f3n y la difusi\u00f3n del conocimiento cient\u00edfico. Por eso, este a\u00f1o volvemos a apostar con fuerza por dar visibilidad a la producci\u00f3n enfermera de nuestra provincia, convencidos de que compartir el conocimiento nos enriquece como colectivo y nos permite cuidar mejor.<\/p>\n<p data-start=\"2430\" data-end=\"2782\">Desde sus inicios, estas Jornadas han tenido un objetivo claro: consolidar un espacio de encuentro y crecimiento compartido, en el que tienen cabida tanto quienes comienzan su andadura investigadora con sus Trabajos Fin de Grado, como quienes ya cuentan con una s\u00f3lida trayectoria acad\u00e9mica y profesional. Todas las voces son valiosas y necesarias.<\/p>\n<p data-start=\"2784\" data-end=\"3016\">Por todo ello, te animo a participar activamente, ya sea presentando tus trabajos o conociendo los de tus compa\u00f1eras\/os. Entre todas\/os, seguiremos haciendo avanzar nuestra profesi\u00f3n, con rigor, compromiso y vocaci\u00f3n de cuidado.<\/p>\n<p data-start=\"3018\" data-end=\"3046\">Recibe un afectuoso saludo,<\/p>\n<p style=\"text-align: right;\"><strong>Rafael Campos Ar\u00e9valo<\/strong><\/p>\n<p style=\"text-align: right;\"><strong>Presidente<\/strong><\/p>\n<p style=\"text-align: right;\"><strong>Excmo. Colegio de Enfermer\u00eda de C\u00e1diz<\/strong><\/p>\n","protected":false},"excerpt":{"rendered":"<p>Estimadas\/os compa\u00f1eras\/os: Como presidente del Comit\u00e9 Organizador y Cient\u00edfico, es para m\u00ed un honor y un verdadero placer daros la bienvenida a las VII Jornadas sobre Conocimiento Enfermero, que celebraremos los d\u00edas 16 y 17 de octubre en la Facultad de Filosof\u00eda y Letras de C\u00e1diz, bajo nuestro lema ya consolidado \u201cCompartir para avanzar\u201d, al<\/p><\/div>\n<div class=\"blog-btn\"><a href=\"https:\/\/jocoenfer.coecadiz.com\/?page_id=157\" class=\"home-blog-btn\">Leer m\u00e1s<\/a><\/p>\n","protected":false},"author":3,"featured_media":0,"parent":0,"menu_order":0,"comment_status":"closed","ping_status":"closed","template":"template\/template-page-full-width.php","meta":[],"_links":{"self":[{"href":"https:\/\/jocoenfer.coecadiz.com\/index.php?rest_route=\/wp\/v2\/pages\/157"}],"collection":[{"href":"https:\/\/jocoenfer.coecadiz.com\/index.php?rest_route=\/wp\/v2\/pages"}],"about":[{"href":"https:\/\/jocoenfer.coecadiz.com\/index.php?rest_route=\/wp\/v2\/types\/page"}],"author":[{"embeddable":true,"href":"https:\/\/jocoenfer.coecadiz.com\/index.php?rest_route=\/wp\/v2\/users\/3"}],"replies":[{"embeddable":true,"href":"https:\/\/jocoenfer.coecadiz.com\/index.php?rest_route=%2Fwp%2Fv2%2Fcomments&post=157"}],"version-history":[{"count":16,"href":"https:\/\/jocoenfer.coecadiz.com\/index.php?rest_route=\/wp\/v2\/pages\/157\/revisions"}],"predecessor-version":[{"id":649,"href":"https:\/\/jocoenfer.coecadiz.com\/index.php?rest_route=\/wp\/v2\/pages\/157\/revisions\/649"}],"wp:attachment":[{"href":"https:\/\/jocoenfer.coecadiz.com\/index.php?rest_route=%2Fwp%2Fv2%2Fmedia&parent=157"}],"curies":[{"name":"wp","href":"https:\/\/api.w.org\/{rel}","templated":true}]}}