{"id":24,"date":"2018-06-29T13:27:12","date_gmt":"2018-06-29T11:27:12","guid":{"rendered":"https:\/\/jocoenfer.coecadiz.com\/?page_id=24"},"modified":"2025-10-08T11:40:01","modified_gmt":"2025-10-08T09:40:01","slug":"portfolio","status":"publish","type":"page","link":"https:\/\/jocoenfer.coecadiz.com\/?page_id=24","title":{"rendered":"Programa"},"content":{"rendered":"<p><img loading=\"lazy\" class=\"aligncenter size-full wp-image-135\" src=\"https:\/\/jocoenfer.coecadiz.com\/wp-content\/uploads\/2018\/07\/inscripciones.jpg\" alt=\"\" width=\"944\" height=\"237\" srcset=\"https:\/\/jocoenfer.coecadiz.com\/wp-content\/uploads\/2018\/07\/inscripciones.jpg 944w, https:\/\/jocoenfer.coecadiz.com\/wp-content\/uploads\/2018\/07\/inscripciones-300x75.jpg 300w, https:\/\/jocoenfer.coecadiz.com\/wp-content\/uploads\/2018\/07\/inscripciones-768x193.jpg 768w\" sizes=\"(max-width: 944px) 100vw, 944px\" \/><\/p>\n<p>Enfermeras y enfermeros interesados en la investigaci\u00f3n en\u00a0 Cuidados, as\u00ed como profesionales e instituciones implicados en la creaci\u00f3n, avance y difusi\u00f3n del Conocimiento Enfermero est\u00e1n llamados a participar en estas VII Jornadas que se desarrollar\u00e1n en la Facultad de Filosof\u00eda y Letras de C\u00e1diz, los d\u00edas 16 y 17 de octubre, y que pretenden ser un escaparate para mostrar la producci\u00f3n cient\u00edfica enfermera de nuestra provincia.<\/p>\n<p>Se pretende difundir los resultados de investigaci\u00f3n que hayan sido presentados en eventos cient\u00edficos, y\/o publicados en revistas as\u00ed como tesis doctorales y trabajos fin de Grado, M\u00e1ster y de EIR desde el 1 de julio de 2023 al 30 de junio de 2025. Adem\u00e1s tendr\u00e1n cabida trabajos Fin de Grado de los cursos acad\u00e9micos 2023\/2024 y 2024\/2025. S\u00f3lo en este \u00faltimo caso podr\u00e1 ser presentado por el mismo n\u00famero de autores\/as que lo elaboraron y defendieron en su Facultad.<\/p>\n<p><a href=\"https:\/\/jocoenfer.coecadiz.com\/wp-content\/uploads\/2025\/10\/PROGRAMA-VII-JORNADAS-SOBRE-CONOCIMEINTO-ENFERMERO-.pdf\"><strong>Descargar Programa Jornadas<\/strong><\/a><\/p>\n<p><a href=\"https:\/\/jocoenfer.coecadiz.com\/wp-content\/uploads\/2025\/09\/PROGRAMA-MESA-REDONDA-email.pdf\"><strong>Descargar Programa Mesa Redonda 14 de octubre<\/strong><\/a><\/p>\n<p>\u00a0<\/p>\n\n\n<p><\/p>\n","protected":false},"excerpt":{"rendered":"<p>Enfermeras y enfermeros interesados en la investigaci\u00f3n en\u00a0 Cuidados, as\u00ed como profesionales e instituciones implicados en la creaci\u00f3n, avance y difusi\u00f3n del Conocimiento Enfermero est\u00e1n llamados a participar en estas VII Jornadas que se desarrollar\u00e1n en la Facultad de Filosof\u00eda y Letras de C\u00e1diz, los d\u00edas 16 y 17 de octubre, y que pretenden ser<\/p><\/div>\n<div class=\"blog-btn\"><a href=\"https:\/\/jocoenfer.coecadiz.com\/?page_id=24\" class=\"home-blog-btn\">Leer m\u00e1s<\/a><\/p>\n","protected":false},"author":1,"featured_media":0,"parent":0,"menu_order":0,"comment_status":"closed","ping_status":"closed","template":"template\/template-page-full-width.php","meta":[],"_links":{"self":[{"href":"https:\/\/jocoenfer.coecadiz.com\/index.php?rest_route=\/wp\/v2\/pages\/24"}],"collection":[{"href":"https:\/\/jocoenfer.coecadiz.com\/index.php?rest_route=\/wp\/v2\/pages"}],"about":[{"href":"https:\/\/jocoenfer.coecadiz.com\/index.php?rest_route=\/wp\/v2\/types\/page"}],"author":[{"embeddable":true,"href":"https:\/\/jocoenfer.coecadiz.com\/index.php?rest_route=\/wp\/v2\/users\/1"}],"replies":[{"embeddable":true,"href":"https:\/\/jocoenfer.coecadiz.com\/index.php?rest_route=%2Fwp%2Fv2%2Fcomments&post=24"}],"version-history":[{"count":51,"href":"https:\/\/jocoenfer.coecadiz.com\/index.php?rest_route=\/wp\/v2\/pages\/24\/revisions"}],"predecessor-version":[{"id":774,"href":"https:\/\/jocoenfer.coecadiz.com\/index.php?rest_route=\/wp\/v2\/pages\/24\/revisions\/774"}],"wp:attachment":[{"href":"https:\/\/jocoenfer.coecadiz.com\/index.php?rest_route=%2Fwp%2Fv2%2Fmedia&parent=24"}],"curies":[{"name":"wp","href":"https:\/\/api.w.org\/{rel}","templated":true}]}}