{"id":63,"date":"2018-07-09T08:32:05","date_gmt":"2018-07-09T06:32:05","guid":{"rendered":"https:\/\/jocoenfer.coecadiz.com\/?page_id=63"},"modified":"2025-06-17T08:36:16","modified_gmt":"2025-06-17T06:36:16","slug":"comite-cientifico","status":"publish","type":"page","link":"https:\/\/jocoenfer.coecadiz.com\/?page_id=63","title":{"rendered":"Comit\u00e9 Cient\u00edfico"},"content":{"rendered":"<p style=\"text-align: center;\"><strong><u>COMIT\u00c9 CIENT\u00cdFICO<\/u><\/strong><\/p>\n<p style=\"text-align: center;\"><strong>D. Rafael Campos Ar\u00e9valo <\/strong><\/p>\n<p style=\"text-align: center;\">Presidente. Colegio de Enfermer\u00eda de C\u00e1diz<\/p>\n<p style=\"text-align: center;\"><strong>D. Manuel Cano Leal<\/strong><\/p>\n<p style=\"text-align: center;\">Secretario. Colegio de Enfermer\u00eda de C\u00e1diz<\/p>\n<p style=\"text-align: center;\"><strong>D\u00f1a. Mariana Garc\u00eda Gonz\u00e1lez <\/strong><\/p>\n<p style=\"text-align: center;\">Doctora. Enfermera. Hospital San Carlos. San Fernando<\/p>\n<p style=\"text-align: center;\"><strong>D\u00f1a. Isabel Lepiani D\u00edaz <\/strong><\/p>\n<p style=\"text-align: center;\">Doctora. Directora T\u00e9cnica\u00a0 Centro Universitario de Enfermer\u00eda \u00abSalus Infirmorum\u00bb adscrito a la Universidad de C\u00e1diz<\/p>\n<p style=\"text-align: center;\"><strong>D\u00f1a. Aroa Vaello Robledo<br \/>\n<\/strong><\/p>\n<p style=\"text-align: center;\">Vicepresidenta. Colegio de Enfermer\u00eda de C\u00e1diz<\/p>\n<p style=\"text-align: center;\"><strong>D. Eduardo S\u00e1nchez S\u00e1nchez<\/strong><\/p>\n<p style=\"text-align: center;\">Doctor. Coordinador Enfermer\u00eda UGC Medicina Interna. Hospital Punta de Europa Algeciras<\/p>\n<p style=\"text-align: center;\"><strong>D\u00f1a. Antonia Gonz\u00e1lez Qui\u00f1ones<\/strong><br \/>\nEnfermera. Cuidados Paliativos. Hospital Universitario de Puerto Real<\/p>\n<p style=\"text-align: center;\"><strong>D\u00f1a. Irene Valadez Gil<\/strong><\/p>\n<p style=\"text-align: center;\">T\u00e9cnico. Colegio de Enfermer\u00eda de C\u00e1diz<\/p>\n<p style=\"text-align: center;\"><strong>D\u00f1a. Carmen Ruiz Barbosa<\/strong><\/p>\n<p style=\"text-align: center;\">Enfermera y coordinadora de las Jornadas<\/p>\n","protected":false},"excerpt":{"rendered":"<p>COMIT\u00c9 CIENT\u00cdFICO D. Rafael Campos Ar\u00e9valo Presidente. Colegio de Enfermer\u00eda de C\u00e1diz D. Manuel Cano Leal Secretario. Colegio de Enfermer\u00eda de C\u00e1diz D\u00f1a. Mariana Garc\u00eda Gonz\u00e1lez Doctora. Enfermera. Hospital San Carlos. San Fernando D\u00f1a. Isabel Lepiani D\u00edaz Doctora. Directora T\u00e9cnica\u00a0 Centro Universitario de Enfermer\u00eda \u00abSalus Infirmorum\u00bb adscrito a la Universidad de C\u00e1diz D\u00f1a. Aroa Vaello<\/p><\/div>\n<div class=\"blog-btn\"><a href=\"https:\/\/jocoenfer.coecadiz.com\/?page_id=63\" class=\"home-blog-btn\">Leer m\u00e1s<\/a><\/p>\n","protected":false},"author":1,"featured_media":0,"parent":0,"menu_order":0,"comment_status":"closed","ping_status":"closed","template":"template\/template-page-full-width.php","meta":[],"_links":{"self":[{"href":"https:\/\/jocoenfer.coecadiz.com\/index.php?rest_route=\/wp\/v2\/pages\/63"}],"collection":[{"href":"https:\/\/jocoenfer.coecadiz.com\/index.php?rest_route=\/wp\/v2\/pages"}],"about":[{"href":"https:\/\/jocoenfer.coecadiz.com\/index.php?rest_route=\/wp\/v2\/types\/page"}],"author":[{"embeddable":true,"href":"https:\/\/jocoenfer.coecadiz.com\/index.php?rest_route=\/wp\/v2\/users\/1"}],"replies":[{"embeddable":true,"href":"https:\/\/jocoenfer.coecadiz.com\/index.php?rest_route=%2Fwp%2Fv2%2Fcomments&post=63"}],"version-history":[{"count":21,"href":"https:\/\/jocoenfer.coecadiz.com\/index.php?rest_route=\/wp\/v2\/pages\/63\/revisions"}],"predecessor-version":[{"id":665,"href":"https:\/\/jocoenfer.coecadiz.com\/index.php?rest_route=\/wp\/v2\/pages\/63\/revisions\/665"}],"wp:attachment":[{"href":"https:\/\/jocoenfer.coecadiz.com\/index.php?rest_route=%2Fwp%2Fv2%2Fmedia&parent=63"}],"curies":[{"name":"wp","href":"https:\/\/api.w.org\/{rel}","templated":true}]}}